{"id":8921,"date":"2022-05-12T12:22:26","date_gmt":"2022-05-12T10:22:26","guid":{"rendered":"https:\/\/www.intesys.it\/lavora-con-noi\/?page_id=8921"},"modified":"2022-10-28T16:33:13","modified_gmt":"2022-10-28T14:33:13","slug":"cloud-native-system-administrator-senior","status":"publish","type":"page","link":"https:\/\/www.intesys.it\/lavora-con-noi\/posizioni-aperte-y-career\/cloud-native-system-administrator-senior\/","title":{"rendered":"Cloud Native &amp; Senior System Administrator"},"content":{"rendered":"[vc_row type=&#8221;full_width_content&#8221; full_screen_row_position=&#8221;middle&#8221; column_margin=&#8221;default&#8221; equal_height=&#8221;yes&#8221; content_placement=&#8221;middle&#8221; column_direction=&#8221;default&#8221; column_direction_tablet=&#8221;default&#8221; column_direction_phone=&#8221;default&#8221; scene_position=&#8221;center&#8221; text_color=&#8221;dark&#8221; text_align=&#8221;left&#8221; row_border_radius=&#8221;none&#8221; row_border_radius_applies=&#8221;bg&#8221; overflow=&#8221;visible&#8221; class=&#8221;on-very-top&#8221; advanced_gradient_angle=&#8221;0&#8243; overlay_strength=&#8221;0.3&#8243; gradient_direction=&#8221;left_to_right&#8221; shape_divider_position=&#8221;bottom&#8221; bg_image_animation=&#8221;none&#8221; shape_type=&#8221;&#8221; gradient_type=&#8221;default&#8221;][vc_column column_padding=&#8221;padding-6-percent&#8221; column_padding_tablet=&#8221;inherit&#8221; column_padding_phone=&#8221;inherit&#8221; column_padding_position=&#8221;all&#8221; column_element_spacing=&#8221;default&#8221; background_color=&#8221;#000000&#8243; background_color_opacity=&#8221;1&#8243; background_hover_color_opacity=&#8221;1&#8243; column_shadow=&#8221;none&#8221; column_border_radius=&#8221;none&#8221; column_link_target=&#8221;_self&#8221; column_position=&#8221;default&#8221; gradient_direction=&#8221;left_to_right&#8221; overlay_strength=&#8221;0.3&#8243; width=&#8221;7\/12&#8243; tablet_width_inherit=&#8221;default&#8221; tablet_text_alignment=&#8221;default&#8221; phone_text_alignment=&#8221;default&#8221; animation_type=&#8221;default&#8221; bg_image_animation=&#8221;none&#8221; border_type=&#8221;simple&#8221; column_border_width=&#8221;none&#8221; column_border_style=&#8221;solid&#8221;][vc_row_inner column_margin=&#8221;default&#8221; column_direction=&#8221;default&#8221; column_direction_tablet=&#8221;default&#8221; column_direction_phone=&#8221;default&#8221; text_align=&#8221;left&#8221; row_position=&#8221;default&#8221; row_position_tablet=&#8221;inherit&#8221; row_position_phone=&#8221;inherit&#8221; overflow=&#8221;visible&#8221; pointer_events=&#8221;all&#8221;][vc_column_inner column_padding=&#8221;padding-5-percent&#8221; column_padding_tablet=&#8221;inherit&#8221; column_padding_phone=&#8221;inherit&#8221; column_padding_position=&#8221;top-right&#8221; column_element_spacing=&#8221;default&#8221; background_color_opacity=&#8221;1&#8243; background_hover_color_opacity=&#8221;1&#8243; font_color=&#8221;#ffffff&#8221; column_shadow=&#8221;none&#8221; column_border_radius=&#8221;none&#8221; column_link_target=&#8221;_self&#8221; el_class=&#8221;intro-job&#8221; gradient_direction=&#8221;left_to_right&#8221; overlay_strength=&#8221;0.3&#8243; width=&#8221;1\/1&#8243; tablet_width_inherit=&#8221;default&#8221; animation_type=&#8221;default&#8221; bg_image_animation=&#8221;none&#8221; border_type=&#8221;simple&#8221; column_border_width=&#8221;none&#8221; column_border_style=&#8221;solid&#8221;][nectar_icon icon_family=&#8221;iconsmind&#8221; icon_style=&#8221;default&#8221; icon_color_type=&#8221;color_scheme&#8221; icon_color=&#8221;Accent-Color&#8221; icon_padding=&#8221;0px&#8221; pointer_events=&#8221;all&#8221; icon_iconsmind=&#8221;iconsmind-Data-Network&#8221; icon_size=&#8221;70&#8243;][vc_column_text css=&#8221;.vc_custom_1652349051480{margin-top: 10px !important;margin-bottom: 60px !important;}&#8221; el_class=&#8221;black-h1&#8243;]\n<h1>Cloud Native &amp; Senior System Administrator<\/h1>\n[\/vc_column_text][divider line_type=&#8221;No Line&#8221; custom_height=&#8221;200&#8243;][vc_column_text css_animation=&#8221;fadeInLeft&#8221; css=&#8221;.vc_custom_1574853357864{margin-bottom: 40px !important;}&#8221;]\n<h5 style=\"color: #17fdb4\">HARD SKILLS<\/h5>\n[\/vc_column_text][vc_column_text css_animation=&#8221;fadeInUp&#8221; css=&#8221;.vc_custom_1648043154408{margin-right: 40px !important;}&#8221;]\n<h2 class=\"vc_custom_heading\">Ecco le competenze tecniche e professionali per noi fondamentali<\/h2>\n[\/vc_column_text][divider line_type=&#8221;No Line&#8221; custom_height=&#8221;40&#8243; custom_height_phone=&#8221;20&#8243;][vc_column_text css_animation=&#8221;fadeInUp&#8221; css=&#8221;.vc_custom_1652445358959{margin-bottom: 70px !important;}&#8221;]Per <strong>Intesys Networking<\/strong> societ\u00e0 del Gruppo Intesys siamo alla ricerca di un <strong>Linux System Administrator Senior<\/strong> che si unisca al nostro <strong>team Sistemi<\/strong> e che sia in grado di portare un contributo di competenza al servizio dei nostri clienti. La figura professionale che stiamo ricercando ha un forte <strong>background tecnico<\/strong> e almeno<strong> 7\/8 anni<\/strong> <strong>di esperienza<\/strong> su <strong>sistemi Linux<\/strong>, competenza provata in ambito <strong>virtualizzazione<\/strong> e <strong>VMware<\/strong> nonch\u00e9 competenze in ambito <strong>Cloud Native<\/strong>.<\/p>\n<p>Il candidato <strong>gestir\u00e0<\/strong> <strong>direttamente progetti<\/strong> per i nostri clienti, supportando il commerciale in fase di prevendita e definizione di architettura della soluzione e impostando le attivit\u00e0 di progetto da solo o in team. Gestir\u00e0 ed evolver\u00e0 il servizio nel tempo in <strong>autonomia e leadership tecnica<\/strong>.<\/p>\n<p>Cerchiamo un profilo tecnico appassionato guidato da <strong>etica professionale<\/strong> e <strong>competenze verticali<\/strong> in ambito sistemi, alla ricerca di un <strong>contesto lavorativo dinamico<\/strong>, <strong>fiduciario<\/strong> e capace di garantirgli spazio di crescita e apprendimento. Crediamo che il successo di un\u2019azienda si basi sul <strong>valore dei propri collaboratori<\/strong> e sulla loro capacit\u00e0 di sviluppare competenza nel tempo.<\/p>\n<p>Garantiamo autonomia e organizzazione del lavoro su progetti di <strong>PMI italiane ed enterprise<\/strong>, insieme a <strong>R&amp;D<\/strong> <strong>in contesti Cloud Services<\/strong> volti all\u2019evoluzione della proposta tecnico commerciale.[\/vc_column_text]<div class=\"nectar-fancy-ul\" data-list-icon=\"fa fa-star-o\" data-animation=\"true\" data-animation-delay=\"0\" data-color=\"extra-color-1\" data-spacing=\"default\" data-alignment=\"left\"> \n<ul>\n<li>\n<h5 style=\"margin-bottom: 30px\">Forte competenza in ambito Sistemi Linux e virtualizzazione (VMware);<\/h5>\n<\/li>\n<li>\n<h5 style=\"margin-bottom: 30px\">Capacit\u00e0 di definire l\u2019architettura del progetto tecnico;<\/h5>\n<\/li>\n<li>\n<h5 style=\"margin-bottom: 30px\">Competenze di delivery e operations in ambito sistemi;<\/h5>\n<\/li>\n<li>\n<h5 style=\"margin-bottom: 30px\">Capacit\u00e0 di shell scripting bash\/automation (Ansible);<\/h5>\n<\/li>\n<li>\n<h5 style=\"margin-bottom: 30px\">Competenze di gestione e Monitoring;<\/h5>\n<\/li>\n<li>\n<h5 style=\"margin-bottom: 30px\">Conoscenza ed esperienza su cloud provider pubblici (AWS, Azure);<\/h5>\n<\/li>\n<li>\n<h5 style=\"margin-bottom: 30px\">Conoscenze Cloud Native (container e Kubernetes);<\/h5>\n<\/li>\n<li>\n<h5 style=\"margin-bottom: 30px\">Conoscenza di Elastic Stack.<\/h5>\n<\/li>\n<\/ul>\n <\/div>[\/vc_column_inner][\/vc_row_inner][\/vc_column][vc_column column_padding=&#8221;padding-6-percent&#8221; column_padding_tablet=&#8221;inherit&#8221; column_padding_phone=&#8221;inherit&#8221; column_padding_position=&#8221;all&#8221; column_element_spacing=&#8221;default&#8221; background_color_opacity=&#8221;1&#8243; background_hover_color_opacity=&#8221;1&#8243; column_shadow=&#8221;none&#8221; column_border_radius=&#8221;none&#8221; column_link_target=&#8221;_self&#8221; column_position=&#8221;default&#8221; el_class=&#8221;fixed-box&#8221; gradient_direction=&#8221;left_to_right&#8221; overlay_strength=&#8221;0.3&#8243; width=&#8221;5\/12&#8243; tablet_width_inherit=&#8221;default&#8221; tablet_text_alignment=&#8221;default&#8221; phone_text_alignment=&#8221;default&#8221; animation_type=&#8221;default&#8221; bg_image_animation=&#8221;none&#8221; border_type=&#8221;simple&#8221; column_border_width=&#8221;none&#8221; column_border_style=&#8221;solid&#8221;][divider line_type=&#8221;No Line&#8221; custom_height=&#8221;50&#8243; custom_height_phone=&#8221;10&#8243;][vc_column_text css_animation=&#8221;fadeIn&#8221; css=&#8221;.vc_custom_1648042476268{margin-bottom: 25px !important;}&#8221;]\n<h3 style=\"color: black\">Vuoi candidarti per questa posizione aperta a Verona?<\/h3>\n[\/vc_column_text][nectar_btn size=&#8221;large&#8221; button_style=&#8221;regular&#8221; button_color_2=&#8221;Accent-Color&#8221; color_override=&#8221;#0f33ce&#8221; solid_text_color_override=&#8221;#ffffff&#8221; icon_family=&#8221;default_arrow&#8221; url=&#8221;\/lavora-con-noi\/candidatura\/?figura_professionale=21&#8243; css_animation=&#8221;none&#8221; text=&#8221;Candidati&#8221;][vc_column_text css_animation=&#8221;fadeIn&#8221; css=&#8221;.vc_custom_1648042484850{margin-top: 50px !important;margin-bottom: 10px !important;}&#8221; el_class=&#8221;hidden-mobile&#8221;]<span style=\"color: #000000\">Non sei interessato a questo profilo?<\/span><strong><span style=\"color: #000000\"><br \/>\n<\/span><\/strong><strong><a style=\"color: #000000;text-decoration: underline\" href=\"https:\/\/www.intesys.it\/lavora-con-noi\/posizioni-aperte-y-career\/\">Guarda altre posizioni aperte<\/a><\/strong>[\/vc_column_text][divider line_type=&#8221;No Line&#8221; custom_height=&#8221;50&#8243; custom_height_phone=&#8221;10&#8243;][vc_column_text]Dal 2022 siamo una\u00a0<strong>Societ\u00e0 Benefit<\/strong>\u00a0e abbiamo integrato stabilmente il\u00a0<strong>lavoro ibrido\u00a0<\/strong>per tutti i nostri collaboratori:\u00a0crediamo nella creazione e nel mantenimento di un luogo di\u00a0<strong>lavoro inclusivo<\/strong> e ci impegniamo ogni giorno per promuovere un<strong>\u00a0futuro<\/strong>\u00a0pi\u00f9<strong>\u00a0sostenibile<\/strong>,\u00a0<strong>equo<\/strong>\u00a0e\u00a0<strong>attento alle diverse esigenze<\/strong>\u00a0dei singoli.[\/vc_column_text][\/vc_column][\/vc_row][vc_row type=&#8221;full_width_content&#8221; full_screen_row_position=&#8221;middle&#8221; column_margin=&#8221;default&#8221; column_direction=&#8221;default&#8221; column_direction_tablet=&#8221;default&#8221; column_direction_phone=&#8221;default&#8221; scene_position=&#8221;center&#8221; text_color=&#8221;light&#8221; text_align=&#8221;left&#8221; row_border_radius=&#8221;none&#8221; row_border_radius_applies=&#8221;bg&#8221; overflow=&#8221;visible&#8221; overlay_strength=&#8221;0.3&#8243; gradient_direction=&#8221;left_to_right&#8221; shape_divider_position=&#8221;bottom&#8221; bg_image_animation=&#8221;none&#8221;][vc_column column_padding=&#8221;padding-6-percent&#8221; column_padding_tablet=&#8221;inherit&#8221; column_padding_phone=&#8221;inherit&#8221; column_padding_position=&#8221;left-right&#8221; column_element_spacing=&#8221;default&#8221; background_color=&#8221;#000000&#8243; background_color_opacity=&#8221;1&#8243; background_hover_color_opacity=&#8221;1&#8243; font_color=&#8221;#ffffff&#8221; column_shadow=&#8221;none&#8221; column_border_radius=&#8221;none&#8221; column_link_target=&#8221;_self&#8221; column_position=&#8221;default&#8221; el_class=&#8221;position-info&#8221; advanced_gradient_angle=&#8221;0&#8243; gradient_direction=&#8221;left_to_right&#8221; overlay_strength=&#8221;0.3&#8243; width=&#8221;7\/12&#8243; tablet_width_inherit=&#8221;default&#8221; tablet_text_alignment=&#8221;default&#8221; phone_text_alignment=&#8221;default&#8221; animation_type=&#8221;default&#8221; bg_image_animation=&#8221;none&#8221; border_type=&#8221;simple&#8221; column_border_width=&#8221;none&#8221; column_border_style=&#8221;solid&#8221; gradient_type=&#8221;default&#8221;][divider line_type=&#8221;No Line&#8221; custom_height=&#8221;0&#8243; custom_height_tablet=&#8221;80&#8243; custom_height_phone=&#8221;50&#8243;][vc_column_text css_animation=&#8221;fadeInLeft&#8221; css=&#8221;.vc_custom_1574852271719{margin-bottom: 40px !important;}&#8221;]\n<h5 style=\"color: #8659f1\">SOFT SKILLS<\/h5>\n[\/vc_column_text][vc_column_text css_animation=&#8221;fadeInUp&#8221; css=&#8221;.vc_custom_1574852680635{margin-right: 40px !important;margin-bottom: 70px !important;}&#8221;]\n<h2 style=\"text-align: left\">Anche le tue qualit\u00e0 personali sono importanti<\/h2>\n[\/vc_column_text][vc_row_inner equal_height=&#8221;yes&#8221; content_placement=&#8221;top&#8221; column_margin=&#8221;default&#8221; column_direction=&#8221;default&#8221; column_direction_tablet=&#8221;default&#8221; column_direction_phone=&#8221;default&#8221; text_align=&#8221;left&#8221; row_position=&#8221;default&#8221; row_position_tablet=&#8221;inherit&#8221; row_position_phone=&#8221;inherit&#8221; overflow=&#8221;visible&#8221; pointer_events=&#8221;all&#8221;][vc_column_inner column_padding=&#8221;padding-5-percent&#8221; column_padding_tablet=&#8221;inherit&#8221; column_padding_phone=&#8221;inherit&#8221; column_padding_position=&#8221;right&#8221; column_element_spacing=&#8221;default&#8221; background_color_opacity=&#8221;1&#8243; background_hover_color_opacity=&#8221;1&#8243; column_shadow=&#8221;none&#8221; column_border_radius=&#8221;none&#8221; column_link_target=&#8221;_self&#8221; gradient_direction=&#8221;left_to_right&#8221; overlay_strength=&#8221;0.3&#8243; width=&#8221;1\/2&#8243; tablet_width_inherit=&#8221;default&#8221; animation_type=&#8221;default&#8221; enable_animation=&#8221;true&#8221; animation=&#8221;fade-in&#8221; bg_image_animation=&#8221;none&#8221; border_type=&#8221;simple&#8221; column_border_width=&#8221;none&#8221; column_border_style=&#8221;solid&#8221;][nectar_icon icon_family=&#8221;iconsmind&#8221; icon_style=&#8221;default&#8221; icon_color_type=&#8221;color_scheme&#8221; icon_color=&#8221;extra-color-gradient-2&#8243; icon_padding=&#8221;0px&#8221; pointer_events=&#8221;all&#8221; icon_iconsmind=&#8221;iconsmind-Walkie-Talkie&#8221;][vc_column_text css_animation=&#8221;fadeInUp&#8221;]\n<h6 style=\"text-align: left\">Relazionale<\/h6>\n[\/vc_column_text][vc_column_text css=&#8221;.vc_custom_1574852357348{margin-top: 30px !important;}&#8221;]\n<h3 style=\"text-align: left\"><span style=\"color: #\">Team Work<\/span><\/h3>\n[\/vc_column_text][vc_column_text css_animation=&#8221;none&#8221; css=&#8221;.vc_custom_1574852765570{margin-top: 10px !important;margin-bottom: 70px !important;}&#8221;]\n<p style=\"text-align: left\">Intesys \u00e8 un gioco di squadra, la collaborazione e la condivisione all\u2019interno del team sono asset vincenti, ma non solo. Ti troverai infatti a dover collaborare con le altre divisioni aziendali: UX, Design, Marketing.<\/p>\n<p style=\"text-align: left\">Abile nel lavoro in team e, al contempo, autonomo nel portare avanti gli obiettivi lavorativi e di progetto.<\/p>\n[\/vc_column_text][\/vc_column_inner][vc_column_inner column_padding=&#8221;padding-5-percent&#8221; column_padding_tablet=&#8221;inherit&#8221; column_padding_phone=&#8221;inherit&#8221; column_padding_position=&#8221;right&#8221; column_element_spacing=&#8221;default&#8221; background_color_opacity=&#8221;1&#8243; background_hover_color_opacity=&#8221;1&#8243; column_shadow=&#8221;none&#8221; column_border_radius=&#8221;none&#8221; column_link_target=&#8221;_self&#8221; gradient_direction=&#8221;left_to_right&#8221; overlay_strength=&#8221;0.3&#8243; width=&#8221;1\/2&#8243; tablet_width_inherit=&#8221;default&#8221; animation_type=&#8221;default&#8221; enable_animation=&#8221;true&#8221; animation=&#8221;fade-in&#8221; bg_image_animation=&#8221;none&#8221; border_type=&#8221;simple&#8221; column_border_width=&#8221;none&#8221; column_border_style=&#8221;solid&#8221;][nectar_icon icon_family=&#8221;iconsmind&#8221; icon_style=&#8221;default&#8221; icon_color_type=&#8221;color_scheme&#8221; icon_color=&#8221;extra-color-gradient-2&#8243; icon_padding=&#8221;0px&#8221; pointer_events=&#8221;all&#8221; icon_iconsmind=&#8221;iconsmind-Idea-2&#8243;][vc_column_text css_animation=&#8221;fadeInUp&#8221;]\n<h6 style=\"text-align: left\">Relazionale<\/h6>\n[\/vc_column_text][vc_column_text css=&#8221;.vc_custom_1574852362633{margin-top: 30px !important;}&#8221;]\n<h3 style=\"text-align: left\"><span style=\"color: #\">Curiosit\u00e0 e desiderio<\/span><\/h3>\n[\/vc_column_text][vc_column_text css_animation=&#8221;none&#8221; css=&#8221;.vc_custom_1574852755006{margin-top: 10px !important;margin-bottom: 70px !important;}&#8221;]Intesys cerca talenti che abbiano voglia di imparare, affamati di novit\u00e0 e pronti a testare nuove soluzioni, coraggiosi, e orientati alla soluzione dei problemi.<\/p>\n<p>Ricordati che per noi le capacit\u00e0 di analisi e di relazione sono tanto importanti quanto le competenze tecniche.[\/vc_column_text][\/vc_column_inner][\/vc_row_inner][vc_row_inner equal_height=&#8221;yes&#8221; content_placement=&#8221;top&#8221; column_margin=&#8221;default&#8221; column_direction=&#8221;default&#8221; column_direction_tablet=&#8221;default&#8221; column_direction_phone=&#8221;default&#8221; text_align=&#8221;left&#8221; row_position=&#8221;default&#8221; row_position_tablet=&#8221;inherit&#8221; row_position_phone=&#8221;inherit&#8221; overflow=&#8221;visible&#8221; pointer_events=&#8221;all&#8221;][vc_column_inner column_padding=&#8221;padding-5-percent&#8221; column_padding_tablet=&#8221;inherit&#8221; column_padding_phone=&#8221;inherit&#8221; column_padding_position=&#8221;right&#8221; column_element_spacing=&#8221;default&#8221; background_color_opacity=&#8221;1&#8243; background_hover_color_opacity=&#8221;1&#8243; column_shadow=&#8221;none&#8221; column_border_radius=&#8221;none&#8221; column_link_target=&#8221;_self&#8221; gradient_direction=&#8221;left_to_right&#8221; overlay_strength=&#8221;0.3&#8243; width=&#8221;1\/2&#8243; tablet_width_inherit=&#8221;default&#8221; animation_type=&#8221;default&#8221; enable_animation=&#8221;true&#8221; animation=&#8221;fade-in&#8221; bg_image_animation=&#8221;none&#8221; border_type=&#8221;simple&#8221; column_border_width=&#8221;none&#8221; column_border_style=&#8221;solid&#8221;][nectar_icon icon_family=&#8221;iconsmind&#8221; icon_style=&#8221;default&#8221; icon_color_type=&#8221;color_scheme&#8221; icon_color=&#8221;extra-color-gradient-2&#8243; icon_padding=&#8221;0px&#8221; pointer_events=&#8221;all&#8221; icon_iconsmind=&#8221;iconsmind-Magnifi-Glass22&#8243;][vc_column_text css_animation=&#8221;fadeInUp&#8221;]\n<h6 style=\"text-align: left\">Relazionale<\/h6>\n[\/vc_column_text][vc_column_text css=&#8221;.vc_custom_1652346760865{margin-top: 30px !important;}&#8221;]\n<h3 style=\"text-align: left\"><span style=\"color: #\">Problem Solving<\/span><\/h3>\n[\/vc_column_text][vc_column_text css_animation=&#8221;none&#8221; css=&#8221;.vc_custom_1652347356873{margin-top: 10px !important;margin-bottom: 70px !important;}&#8221;]\n<p style=\"text-align: left\">I progetti Intesys sono sfidanti, per questo abbiamo bisogno di persone che sappiano affrontare situazioni complesse con senso di prontezza, determinazione e proattivit\u00e0.<\/p>\n<p style=\"text-align: left\">Siamo alla ricerca di componenti sicuri di s\u00e9 che sappiano trovare soluzioni innovative anche in un contesto di gestione autonomo.<\/p>\n[\/vc_column_text][\/vc_column_inner][vc_column_inner column_padding=&#8221;padding-5-percent&#8221; column_padding_tablet=&#8221;inherit&#8221; column_padding_phone=&#8221;inherit&#8221; column_padding_position=&#8221;right&#8221; column_element_spacing=&#8221;default&#8221; background_color_opacity=&#8221;1&#8243; background_hover_color_opacity=&#8221;1&#8243; column_shadow=&#8221;none&#8221; column_border_radius=&#8221;none&#8221; column_link_target=&#8221;_self&#8221; gradient_direction=&#8221;left_to_right&#8221; overlay_strength=&#8221;0.3&#8243; width=&#8221;1\/2&#8243; tablet_width_inherit=&#8221;default&#8221; animation_type=&#8221;default&#8221; enable_animation=&#8221;true&#8221; animation=&#8221;fade-in&#8221; bg_image_animation=&#8221;none&#8221; border_type=&#8221;simple&#8221; column_border_width=&#8221;none&#8221; column_border_style=&#8221;solid&#8221;][nectar_icon icon_family=&#8221;iconsmind&#8221; icon_style=&#8221;default&#8221; icon_color_type=&#8221;color_scheme&#8221; icon_color=&#8221;extra-color-gradient-2&#8243; icon_padding=&#8221;0px&#8221; pointer_events=&#8221;all&#8221; icon_iconsmind=&#8221;iconsmind-Conference&#8221;][vc_column_text css_animation=&#8221;fadeInUp&#8221;]\n<h6 style=\"text-align: left\">Relazionale<\/h6>\n[\/vc_column_text][vc_column_text css=&#8221;.vc_custom_1652285018464{margin-top: 30px !important;}&#8221;]\n<h3 style=\"text-align: left\"><span style=\"color: #\">Gestione del cliente<\/span><\/h3>\n[\/vc_column_text][vc_column_text css_animation=&#8221;none&#8221; css=&#8221;.vc_custom_1652347490994{margin-top: 10px !important;margin-bottom: 70px !important;}&#8221;]Intesys \u00e8 una realt\u00e0 multiprogettuale, trasversale e dinamica. Cerchiamo una persona che sappia interfacciarsi con le diverse realt\u00e0 dei nostri clienti, ascoltandoli e trovando la soluzione pi\u00f9 adatta alle loro esigenze.<\/p>\n<p>Oltre alle soluzioni digitali, bisogna offrire loro empatia, pazienza, ascolto e attenzione.[\/vc_column_text][\/vc_column_inner][\/vc_row_inner][divider line_type=&#8221;No Line&#8221; custom_height=&#8221;150&#8243; custom_height_tablet=&#8221;80&#8243; custom_height_phone=&#8221;60&#8243;][vc_column_text css_animation=&#8221;fadeInLeft&#8221; css=&#8221;.vc_custom_1574855961470{margin-bottom: 40px !important;}&#8221;]\n<h5 style=\"color: #fed102\">BENEFIT<\/h5>\n[\/vc_column_text][vc_column_text css_animation=&#8221;fadeInUp&#8221; css=&#8221;.vc_custom_1574855986164{margin-right: 40px !important;margin-bottom: 70px !important;}&#8221;]\n<h2 style=\"text-align: left\">Cosa offriamo?<\/h2>\n[\/vc_column_text][nectar_icon_list color=&#8221;extra-color-gradient-1&#8243; direction=&#8221;horizontal&#8221; columns=&#8221;3&#8243; icon_size=&#8221;medium&#8221; icon_style=&#8221;no-border&#8221;][nectar_icon_list_item icon_type=&#8221;icon&#8221; icon_family=&#8221;iconsmind&#8221; text_full_html=&#8221;simple&#8221; title=&#8221;List Item&#8221; id=&#8221;1666967557134-8&#8243; icon_iconsmind=&#8221;iconsmind-Building&#8221; text=&#8221;Sede di lavoro: Verona&#8221; tab_id=&#8221;1666967557135-6&#8243;][\/nectar_icon_list_item][nectar_icon_list_item icon_type=&#8221;icon&#8221; icon_family=&#8221;iconsmind&#8221; text_full_html=&#8221;simple&#8221; title=&#8221;List Item&#8221; id=&#8221;1666967557149-8&#8243; icon_iconsmind=&#8221;iconsmind-Home&#8221; text=&#8221;2 giorni a settimana di smart working&#8221; tab_id=&#8221;1666967557150-8&#8243;][\/nectar_icon_list_item][nectar_icon_list_item icon_type=&#8221;icon&#8221; icon_family=&#8221;iconsmind&#8221; text_full_html=&#8221;simple&#8221; title=&#8221;List Item&#8221; id=&#8221;1666967557157-0&#8243; icon_iconsmind=&#8221;iconsmind-Email&#8221; text=&#8221;RAL commisurata all\u2019esperienza&#8221; tab_id=&#8221;1666967557158-3&#8243;][\/nectar_icon_list_item][nectar_icon_list_item icon_type=&#8221;icon&#8221; icon_family=&#8221;iconsmind&#8221; text_full_html=&#8221;simple&#8221; title=&#8221;List Item&#8221; id=&#8221;1666967557164-9&#8243; icon_iconsmind=&#8221;iconsmind-Monitor-phone&#8221; text=&#8221;Percorso di crescita con professionisti nell\u2019ambito informatico&#8221; tab_id=&#8221;1666967557164-8&#8243;][\/nectar_icon_list_item][nectar_icon_list_item icon_type=&#8221;icon&#8221; icon_family=&#8221;iconsmind&#8221; text_full_html=&#8221;simple&#8221; title=&#8221;List Item&#8221; id=&#8221;1666967557169-8&#8243; icon_iconsmind=&#8221;iconsmind-Identification-Badge&#8221; text=&#8221;Possibilit\u00e0 di partecipare ad Eventi nazionali e conferenze&#8221; tab_id=&#8221;1666967557170-7&#8243;][\/nectar_icon_list_item][nectar_icon_list_item icon_type=&#8221;icon&#8221; icon_family=&#8221;iconsmind&#8221; text_full_html=&#8221;simple&#8221; title=&#8221;List Item&#8221; id=&#8221;1666967557176-6&#8243; icon_iconsmind=&#8221;iconsmind-Open-Book&#8221; text=&#8221;Formazione costante (libri, corsi online\u2026)&#8221; tab_id=&#8221;1666967557176-2&#8243;][\/nectar_icon_list_item][\/nectar_icon_list][vc_row_inner column_margin=&#8221;default&#8221; column_direction=&#8221;default&#8221; column_direction_tablet=&#8221;default&#8221; column_direction_phone=&#8221;default&#8221; text_align=&#8221;left&#8221; row_position=&#8221;default&#8221; row_position_tablet=&#8221;inherit&#8221; row_position_phone=&#8221;inherit&#8221; class=&#8221;hidden-desktop&#8221; overflow=&#8221;visible&#8221; pointer_events=&#8221;all&#8221; css=&#8221;.vc_custom_1648028485028{background-image: url(https:\/\/www.intesys.it\/lavora-con-noi\/wp-content\/uploads\/sites\/11\/2020\/03\/O-careers-web-01.svg?id=7301) !important;background-position: center !important;background-repeat: no-repeat !important;background-size: contain !important;}&#8221;][vc_column_inner column_padding=&#8221;padding-12-percent&#8221; column_padding_tablet=&#8221;inherit&#8221; column_padding_phone=&#8221;inherit&#8221; column_padding_position=&#8221;all&#8221; column_element_spacing=&#8221;default&#8221; background_color_opacity=&#8221;1&#8243; background_hover_color_opacity=&#8221;1&#8243; column_shadow=&#8221;none&#8221; column_border_radius=&#8221;none&#8221; column_link_target=&#8221;_self&#8221; color_overlay=&#8221;#0a0a0a&#8221; advanced_gradient_angle=&#8221;0&#8243; gradient_direction=&#8221;left_to_right&#8221; overlay_strength=&#8221;0.3&#8243; width=&#8221;1\/1&#8243; tablet_width_inherit=&#8221;default&#8221; animation_type=&#8221;default&#8221; bg_image_animation=&#8221;none&#8221; border_type=&#8221;simple&#8221; column_border_width=&#8221;none&#8221; column_border_style=&#8221;solid&#8221; gradient_type=&#8221;default&#8221;][vc_column_text css_animation=&#8221;none&#8221; css=&#8221;.vc_custom_1647515269205{margin-bottom: 30px !important;}&#8221;]\n<h3 style=\"text-align: left\">Sei alla ricerca di un\u2019occasione per metterti in gioco e dimostrare quanto vali?<\/h3>\n[\/vc_column_text][nectar_btn size=&#8221;large&#8221; button_style=&#8221;regular&#8221; button_color_2=&#8221;Extra-Color-1&#8243; color_override=&#8221;#ffffff&#8221; solid_text_color_override=&#8221;#000000&#8243; icon_family=&#8221;default_arrow&#8221; url=&#8221;\/lavora-con-noi\/candidatura\/?figura_professionale=18&#8243; css_animation=&#8221;none&#8221; text=&#8221;Candidati&#8221; margin_right=&#8221;20&#8243; margin_bottom=&#8221;20&#8243;][nectar_btn size=&#8221;large&#8221; button_style=&#8221;see-through-2&#8243; color_override=&#8221;#ffffff&#8221; hover_color_override=&#8221;#ffffff&#8221; hover_text_color_override=&#8221;#000000&#8243; icon_family=&#8221;default_arrow&#8221; url=&#8221;\/lavora-con-noi\/posizioni-aperte-y-career\/&#8221; css_animation=&#8221;none&#8221; text=&#8221;Guarda altre posizioni aperte&#8221;][\/vc_column_inner][\/vc_row_inner][\/vc_column][vc_column column_padding=&#8221;no-extra-padding&#8221; column_padding_tablet=&#8221;inherit&#8221; column_padding_phone=&#8221;inherit&#8221; column_padding_position=&#8221;all&#8221; column_element_spacing=&#8221;default&#8221; background_color_opacity=&#8221;1&#8243; background_hover_color_opacity=&#8221;1&#8243; column_shadow=&#8221;none&#8221; column_border_radius=&#8221;none&#8221; column_link_target=&#8221;_self&#8221; column_position=&#8221;default&#8221; el_class=&#8221;hidden-mobile&#8221; gradient_direction=&#8221;left_to_right&#8221; overlay_strength=&#8221;0.3&#8243; width=&#8221;5\/12&#8243; tablet_width_inherit=&#8221;default&#8221; tablet_text_alignment=&#8221;default&#8221; phone_text_alignment=&#8221;default&#8221; animation_type=&#8221;default&#8221; bg_image_animation=&#8221;none&#8221; border_type=&#8221;simple&#8221; column_border_width=&#8221;none&#8221; column_border_style=&#8221;solid&#8221;][\/vc_column][\/vc_row]\n","protected":false},"excerpt":{"rendered":"<p>[vc_row type=&#8221;full_width_content&#8221; full_screen_row_position=&#8221;middle&#8221; column_margin=&#8221;default&#8221; equal_height=&#8221;yes&#8221; content_placement=&#8221;middle&#8221; column_direction=&#8221;default&#8221; column_direction_tablet=&#8221;default&#8221; column_direction_phone=&#8221;default&#8221; scene_position=&#8221;center&#8221;&#8230;<\/p>\n","protected":false},"author":99,"featured_media":8952,"parent":5513,"menu_order":2,"comment_status":"closed","ping_status":"closed","template":"","meta":{"_acf_changed":false,"inline_featured_image":false,"footnotes":""},"class_list":["post-8921","page","type-page","status-publish","has-post-thumbnail"],"acf":[],"yoast_head":"<!-- This site is optimized with the Yoast SEO plugin v25.8 - https:\/\/yoast.com\/wordpress\/plugins\/seo\/ -->\n<title>System Administrator Senior a Verona | Lavora con noi<\/title>\n<meta name=\"description\" content=\"Annuncio di lavoro per Cloud Native &amp; System Administrator a Verona, con esperienza di 7-8 anni in sistemi Linux: inviaci il tuo CV.\" \/>\n<meta name=\"robots\" content=\"index, follow, max-snippet:-1, max-image-preview:large, max-video-preview:-1\" \/>\n<link rel=\"canonical\" href=\"https:\/\/www.intesys.it\/lavora-con-noi\/posizioni-aperte-y-career\/cloud-native-system-administrator-senior\/\" \/>\n<meta property=\"og:locale\" content=\"it_IT\" \/>\n<meta property=\"og:type\" content=\"article\" \/>\n<meta property=\"og:title\" content=\"System Administrator Senior a Verona | Lavora con noi\" \/>\n<meta property=\"og:description\" content=\"Annuncio di lavoro per Cloud Native &amp; System Administrator a Verona, con esperienza di 7-8 anni in sistemi Linux: inviaci il tuo CV.\" \/>\n<meta property=\"og:url\" content=\"https:\/\/www.intesys.it\/lavora-con-noi\/posizioni-aperte-y-career\/cloud-native-system-administrator-senior\/\" \/>\n<meta property=\"og:site_name\" content=\"Lavora con noi | Intesys\" \/>\n<meta property=\"article:modified_time\" content=\"2022-10-28T14:33:13+00:00\" \/>\n<meta property=\"og:image\" content=\"https:\/\/www.intesys.it\/lavora-con-noi\/wp-content\/uploads\/sites\/11\/2022\/05\/LinkedIn_copia.png\" \/>\n\t<meta property=\"og:image:width\" content=\"640\" \/>\n\t<meta property=\"og:image:height\" content=\"330\" \/>\n\t<meta property=\"og:image:type\" content=\"image\/png\" \/>\n<meta name=\"twitter:card\" content=\"summary_large_image\" \/>\n<meta name=\"twitter:label1\" content=\"Tempo di lettura stimato\" \/>\n\t<meta name=\"twitter:data1\" content=\"7 minuti\" \/>\n<script type=\"application\/ld+json\" class=\"yoast-schema-graph\">{\"@context\":\"https:\/\/schema.org\",\"@graph\":[{\"@type\":\"WebPage\",\"@id\":\"https:\/\/www.intesys.it\/lavora-con-noi\/posizioni-aperte-y-career\/cloud-native-system-administrator-senior\/\",\"url\":\"https:\/\/www.intesys.it\/lavora-con-noi\/posizioni-aperte-y-career\/cloud-native-system-administrator-senior\/\",\"name\":\"System Administrator Senior a Verona | Lavora con noi\",\"isPartOf\":{\"@id\":\"https:\/\/www.intesys.it\/lavora-con-noi\/#website\"},\"primaryImageOfPage\":{\"@id\":\"https:\/\/www.intesys.it\/lavora-con-noi\/posizioni-aperte-y-career\/cloud-native-system-administrator-senior\/#primaryimage\"},\"image\":{\"@id\":\"https:\/\/www.intesys.it\/lavora-con-noi\/posizioni-aperte-y-career\/cloud-native-system-administrator-senior\/#primaryimage\"},\"thumbnailUrl\":\"https:\/\/www.intesys.it\/lavora-con-noi\/wp-content\/uploads\/sites\/11\/2022\/05\/LinkedIn_copia.png\",\"datePublished\":\"2022-05-12T10:22:26+00:00\",\"dateModified\":\"2022-10-28T14:33:13+00:00\",\"description\":\"Annuncio di lavoro per Cloud Native & System Administrator a Verona, con esperienza di 7-8 anni in sistemi Linux: inviaci il tuo CV.\",\"breadcrumb\":{\"@id\":\"https:\/\/www.intesys.it\/lavora-con-noi\/posizioni-aperte-y-career\/cloud-native-system-administrator-senior\/#breadcrumb\"},\"inLanguage\":\"it-IT\",\"potentialAction\":[{\"@type\":\"ReadAction\",\"target\":[\"https:\/\/www.intesys.it\/lavora-con-noi\/posizioni-aperte-y-career\/cloud-native-system-administrator-senior\/\"]}]},{\"@type\":\"ImageObject\",\"inLanguage\":\"it-IT\",\"@id\":\"https:\/\/www.intesys.it\/lavora-con-noi\/posizioni-aperte-y-career\/cloud-native-system-administrator-senior\/#primaryimage\",\"url\":\"https:\/\/www.intesys.it\/lavora-con-noi\/wp-content\/uploads\/sites\/11\/2022\/05\/LinkedIn_copia.png\",\"contentUrl\":\"https:\/\/www.intesys.it\/lavora-con-noi\/wp-content\/uploads\/sites\/11\/2022\/05\/LinkedIn_copia.png\",\"width\":640,\"height\":330},{\"@type\":\"BreadcrumbList\",\"@id\":\"https:\/\/www.intesys.it\/lavora-con-noi\/posizioni-aperte-y-career\/cloud-native-system-administrator-senior\/#breadcrumb\",\"itemListElement\":[{\"@type\":\"ListItem\",\"position\":1,\"name\":\"Home\",\"item\":\"https:\/\/www.intesys.it\/lavora-con-noi\/\"},{\"@type\":\"ListItem\",\"position\":2,\"name\":\"Y-Careers\",\"item\":\"https:\/\/www.intesys.it\/lavora-con-noi\/posizioni-aperte-y-career\/\"},{\"@type\":\"ListItem\",\"position\":3,\"name\":\"Cloud Native &amp; Senior System Administrator\"}]},{\"@type\":\"WebSite\",\"@id\":\"https:\/\/www.intesys.it\/lavora-con-noi\/#website\",\"url\":\"https:\/\/www.intesys.it\/lavora-con-noi\/\",\"name\":\"Lavora con noi | Intesys\",\"description\":\"Open to your talents\",\"publisher\":{\"@id\":\"https:\/\/www.intesys.it\/lavora-con-noi\/#organization\"},\"potentialAction\":[{\"@type\":\"SearchAction\",\"target\":{\"@type\":\"EntryPoint\",\"urlTemplate\":\"https:\/\/www.intesys.it\/lavora-con-noi\/?s={search_term_string}\"},\"query-input\":{\"@type\":\"PropertyValueSpecification\",\"valueRequired\":true,\"valueName\":\"search_term_string\"}}],\"inLanguage\":\"it-IT\"},{\"@type\":\"Organization\",\"@id\":\"https:\/\/www.intesys.it\/lavora-con-noi\/#organization\",\"name\":\"Intesys\",\"url\":\"https:\/\/www.intesys.it\/lavora-con-noi\/\",\"logo\":{\"@type\":\"ImageObject\",\"inLanguage\":\"it-IT\",\"@id\":\"https:\/\/www.intesys.it\/lavora-con-noi\/#\/schema\/logo\/image\/\",\"url\":\"https:\/\/www.intesys.it\/lavora-con-noi\/wp-content\/uploads\/sites\/11\/2020\/01\/Intesys-Logo.png\",\"contentUrl\":\"https:\/\/www.intesys.it\/lavora-con-noi\/wp-content\/uploads\/sites\/11\/2020\/01\/Intesys-Logo.png\",\"width\":380,\"height\":133,\"caption\":\"Intesys\"},\"image\":{\"@id\":\"https:\/\/www.intesys.it\/lavora-con-noi\/#\/schema\/logo\/image\/\"}}]}<\/script>\n<!-- \/ Yoast SEO plugin. -->","yoast_head_json":{"title":"System Administrator Senior a Verona | Lavora con noi","description":"Annuncio di lavoro per Cloud Native & System Administrator a Verona, con esperienza di 7-8 anni in sistemi Linux: inviaci il tuo CV.","robots":{"index":"index","follow":"follow","max-snippet":"max-snippet:-1","max-image-preview":"max-image-preview:large","max-video-preview":"max-video-preview:-1"},"canonical":"https:\/\/www.intesys.it\/lavora-con-noi\/posizioni-aperte-y-career\/cloud-native-system-administrator-senior\/","og_locale":"it_IT","og_type":"article","og_title":"System Administrator Senior a Verona | Lavora con noi","og_description":"Annuncio di lavoro per Cloud Native & System Administrator a Verona, con esperienza di 7-8 anni in sistemi Linux: inviaci il tuo CV.","og_url":"https:\/\/www.intesys.it\/lavora-con-noi\/posizioni-aperte-y-career\/cloud-native-system-administrator-senior\/","og_site_name":"Lavora con noi | Intesys","article_modified_time":"2022-10-28T14:33:13+00:00","og_image":[{"width":640,"height":330,"url":"https:\/\/www.intesys.it\/lavora-con-noi\/wp-content\/uploads\/sites\/11\/2022\/05\/LinkedIn_copia.png","type":"image\/png"}],"twitter_card":"summary_large_image","twitter_misc":{"Tempo di lettura stimato":"7 minuti"},"schema":{"@context":"https:\/\/schema.org","@graph":[{"@type":"WebPage","@id":"https:\/\/www.intesys.it\/lavora-con-noi\/posizioni-aperte-y-career\/cloud-native-system-administrator-senior\/","url":"https:\/\/www.intesys.it\/lavora-con-noi\/posizioni-aperte-y-career\/cloud-native-system-administrator-senior\/","name":"System Administrator Senior a Verona | Lavora con noi","isPartOf":{"@id":"https:\/\/www.intesys.it\/lavora-con-noi\/#website"},"primaryImageOfPage":{"@id":"https:\/\/www.intesys.it\/lavora-con-noi\/posizioni-aperte-y-career\/cloud-native-system-administrator-senior\/#primaryimage"},"image":{"@id":"https:\/\/www.intesys.it\/lavora-con-noi\/posizioni-aperte-y-career\/cloud-native-system-administrator-senior\/#primaryimage"},"thumbnailUrl":"https:\/\/www.intesys.it\/lavora-con-noi\/wp-content\/uploads\/sites\/11\/2022\/05\/LinkedIn_copia.png","datePublished":"2022-05-12T10:22:26+00:00","dateModified":"2022-10-28T14:33:13+00:00","description":"Annuncio di lavoro per Cloud Native & System Administrator a Verona, con esperienza di 7-8 anni in sistemi Linux: inviaci il tuo CV.","breadcrumb":{"@id":"https:\/\/www.intesys.it\/lavora-con-noi\/posizioni-aperte-y-career\/cloud-native-system-administrator-senior\/#breadcrumb"},"inLanguage":"it-IT","potentialAction":[{"@type":"ReadAction","target":["https:\/\/www.intesys.it\/lavora-con-noi\/posizioni-aperte-y-career\/cloud-native-system-administrator-senior\/"]}]},{"@type":"ImageObject","inLanguage":"it-IT","@id":"https:\/\/www.intesys.it\/lavora-con-noi\/posizioni-aperte-y-career\/cloud-native-system-administrator-senior\/#primaryimage","url":"https:\/\/www.intesys.it\/lavora-con-noi\/wp-content\/uploads\/sites\/11\/2022\/05\/LinkedIn_copia.png","contentUrl":"https:\/\/www.intesys.it\/lavora-con-noi\/wp-content\/uploads\/sites\/11\/2022\/05\/LinkedIn_copia.png","width":640,"height":330},{"@type":"BreadcrumbList","@id":"https:\/\/www.intesys.it\/lavora-con-noi\/posizioni-aperte-y-career\/cloud-native-system-administrator-senior\/#breadcrumb","itemListElement":[{"@type":"ListItem","position":1,"name":"Home","item":"https:\/\/www.intesys.it\/lavora-con-noi\/"},{"@type":"ListItem","position":2,"name":"Y-Careers","item":"https:\/\/www.intesys.it\/lavora-con-noi\/posizioni-aperte-y-career\/"},{"@type":"ListItem","position":3,"name":"Cloud Native &amp; Senior System Administrator"}]},{"@type":"WebSite","@id":"https:\/\/www.intesys.it\/lavora-con-noi\/#website","url":"https:\/\/www.intesys.it\/lavora-con-noi\/","name":"Lavora con noi | Intesys","description":"Open to your talents","publisher":{"@id":"https:\/\/www.intesys.it\/lavora-con-noi\/#organization"},"potentialAction":[{"@type":"SearchAction","target":{"@type":"EntryPoint","urlTemplate":"https:\/\/www.intesys.it\/lavora-con-noi\/?s={search_term_string}"},"query-input":{"@type":"PropertyValueSpecification","valueRequired":true,"valueName":"search_term_string"}}],"inLanguage":"it-IT"},{"@type":"Organization","@id":"https:\/\/www.intesys.it\/lavora-con-noi\/#organization","name":"Intesys","url":"https:\/\/www.intesys.it\/lavora-con-noi\/","logo":{"@type":"ImageObject","inLanguage":"it-IT","@id":"https:\/\/www.intesys.it\/lavora-con-noi\/#\/schema\/logo\/image\/","url":"https:\/\/www.intesys.it\/lavora-con-noi\/wp-content\/uploads\/sites\/11\/2020\/01\/Intesys-Logo.png","contentUrl":"https:\/\/www.intesys.it\/lavora-con-noi\/wp-content\/uploads\/sites\/11\/2020\/01\/Intesys-Logo.png","width":380,"height":133,"caption":"Intesys"},"image":{"@id":"https:\/\/www.intesys.it\/lavora-con-noi\/#\/schema\/logo\/image\/"}}]}},"_links":{"self":[{"href":"https:\/\/www.intesys.it\/lavora-con-noi\/wp-json\/wp\/v2\/pages\/8921","targetHints":{"allow":["GET"]}}],"collection":[{"href":"https:\/\/www.intesys.it\/lavora-con-noi\/wp-json\/wp\/v2\/pages"}],"about":[{"href":"https:\/\/www.intesys.it\/lavora-con-noi\/wp-json\/wp\/v2\/types\/page"}],"author":[{"embeddable":true,"href":"https:\/\/www.intesys.it\/lavora-con-noi\/wp-json\/wp\/v2\/users\/99"}],"replies":[{"embeddable":true,"href":"https:\/\/www.intesys.it\/lavora-con-noi\/wp-json\/wp\/v2\/comments?post=8921"}],"version-history":[{"count":10,"href":"https:\/\/www.intesys.it\/lavora-con-noi\/wp-json\/wp\/v2\/pages\/8921\/revisions"}],"predecessor-version":[{"id":8941,"href":"https:\/\/www.intesys.it\/lavora-con-noi\/wp-json\/wp\/v2\/pages\/8921\/revisions\/8941"}],"up":[{"embeddable":true,"href":"https:\/\/www.intesys.it\/lavora-con-noi\/wp-json\/wp\/v2\/pages\/5513"}],"wp:featuredmedia":[{"embeddable":true,"href":"https:\/\/www.intesys.it\/lavora-con-noi\/wp-json\/wp\/v2\/media\/8952"}],"wp:attachment":[{"href":"https:\/\/www.intesys.it\/lavora-con-noi\/wp-json\/wp\/v2\/media?parent=8921"}],"curies":[{"name":"wp","href":"https:\/\/api.w.org\/{rel}","templated":true}]}}